{"id":84764,"date":"2025-09-09T12:02:58","date_gmt":"2025-09-09T10:02:58","guid":{"rendered":"https:\/\/ccanecblau.valordeley.es\/?page_id=84764"},"modified":"2025-10-07T14:48:24","modified_gmt":"2025-10-07T12:48:24","slug":"esdeveniments","status":"publish","type":"page","link":"https:\/\/www.anecblau.com\/ca\/esdeveniments\/","title":{"rendered":"Agenda"},"content":{"rendered":"\t\t<div data-elementor-type=\"wp-page\" data-elementor-id=\"84764\" class=\"elementor elementor-84764 elementor-77001\">\n\t\t\t\t\t\t<section class=\"elementor-section elementor-top-section elementor-element elementor-element-2c23f78 elementor-section-height-min-height elementor-hidden-mobile elementor-hidden-tablet elementor-section-boxed elementor-section-height-default elementor-section-items-middle\" data-id=\"2c23f78\" data-element_type=\"section\" data-settings=\"{&quot;background_background&quot;:&quot;classic&quot;}\">\n\t\t\t\t\t\t<div class=\"elementor-container elementor-column-gap-default\">\n\t\t\t\t\t<div class=\" elementor-column elementor-col-100 elementor-top-column elementor-element elementor-element-17ad548\" data-fullscreen-column-settings=\"{&quot;fullscreen&quot;:&quot;&quot;}\" data-id=\"17ad548\" data-element_type=\"column\">\n\t\t\t<div class=\"elementor-widget-wrap\">\n\t\t\t\t\t\t\t<\/div>\n\t\t<\/div>\n\t\t\t\t\t<\/div>\n\t\t<\/section>\n\t\t<div class=\"elementor-element elementor-element-9a85b75 e-flex e-con-boxed e-con e-parent\" data-id=\"9a85b75\" data-element_type=\"container\" data-settings=\"{&quot;background_background&quot;:&quot;classic&quot;}\">\n\t\t\t\t\t<div class=\"e-con-inner\">\n\t\t<div class=\"elementor-element elementor-element-fdf80e4 e-con-full e-flex e-con e-child\" data-id=\"fdf80e4\" data-element_type=\"container\">\n\t\t\t\t<div class=\"elementor-element elementor-element-fb2feb3 elementor-widget elementor-widget-heading\" data-id=\"fb2feb3\" data-element_type=\"widget\" data-widget_type=\"heading.default\">\n\t\t\t\t<div class=\"elementor-widget-container\">\n\t\t\t\t\t<h1 class=\"elementor-heading-title elementor-size-default\">Agenda<\/h1>\t\t\t\t<\/div>\n\t\t\t\t<\/div>\n\t\t\t\t<\/div>\n\t\t\t\t\t<\/div>\n\t\t\t\t<\/div>\n\t\t\t\t<section class=\"elementor-section elementor-top-section elementor-element elementor-element-fb39c9b elementor-section-content-middle elementor-section-boxed elementor-section-height-default elementor-section-height-default\" data-id=\"fb39c9b\" data-element_type=\"section\" data-settings=\"{&quot;background_background&quot;:&quot;classic&quot;}\">\n\t\t\t\t\t\t<div class=\"elementor-container elementor-column-gap-default\">\n\t\t\t\t\t<div class=\" elementor-column elementor-col-50 elementor-top-column elementor-element elementor-element-8c5abb3\" data-fullscreen-column-settings=\"{&quot;fullscreen&quot;:&quot;&quot;}\" data-id=\"8c5abb3\" data-element_type=\"column\">\n\t\t\t<div class=\"elementor-widget-wrap elementor-element-populated\">\n\t\t\t\t\t\t<div class=\"elementor-element elementor-element-4c35829 elementor-widget elementor-widget-text-editor\" data-id=\"4c35829\" data-element_type=\"widget\" data-widget_type=\"text-editor.default\">\n\t\t\t\t<div class=\"elementor-widget-container\">\n\t\t\t\t\t\t\t\t\t<p>\u00a1<strong>Viu moments inoblidables<\/strong> amb els nostres esdeveniments i activitats especials!<\/p><p><strong>Al nostre centre comercial, sempre hi ha alguna cosa emocionant per a tu.<\/strong> Participa en sortejos exclusius, gaudeix de les nostres celebracions tem\u00e0tiques o submergeix-te en la diversi\u00f3 dels esdeveniments familiars. Et garantim entreteniment per a totes les edats.<br \/>Estigues atent a la nostra agenda perqu\u00e8 no et perdis les properes activitats!<\/p>\t\t\t\t\t\t\t\t<\/div>\n\t\t\t\t<\/div>\n\t\t\t\t\t<\/div>\n\t\t<\/div>\n\t\t\t\t<div class=\" elementor-column elementor-col-50 elementor-top-column elementor-element elementor-element-b66d176 elementor-invisible\" data-fullscreen-column-settings=\"{&quot;fullscreen&quot;:&quot;&quot;}\" data-id=\"b66d176\" data-element_type=\"column\" data-settings=\"{&quot;animation&quot;:&quot;fadeIn&quot;,&quot;animation_delay&quot;:200}\">\n\t\t\t<div class=\"elementor-widget-wrap elementor-element-populated\">\n\t\t\t\t\t\t<div class=\"elementor-element elementor-element-0ab9d37 elementor-widget elementor-widget-image\" data-id=\"0ab9d37\" data-element_type=\"widget\" data-widget_type=\"image.default\">\n\t\t\t\t<div class=\"elementor-widget-container\">\n\t\t\t\t\t\t\t\t\t\t\t\t\t\t\t<img fetchpriority=\"high\" decoding=\"async\" width=\"683\" height=\"273\" src=\"https:\/\/www.anecblau.com\/wp-content\/uploads\/2024\/10\/agenda.png\" class=\"attachment-full size-full wp-image-84766\" alt=\"\" srcset=\"https:\/\/www.anecblau.com\/wp-content\/uploads\/2024\/10\/agenda.png 683w, https:\/\/www.anecblau.com\/wp-content\/uploads\/2024\/10\/agenda-200x80.png 200w\" sizes=\"(max-width: 683px) 100vw, 683px\" \/>\t\t\t\t\t\t\t\t\t\t\t\t\t\t\t<\/div>\n\t\t\t\t<\/div>\n\t\t\t\t\t<\/div>\n\t\t<\/div>\n\t\t\t\t\t<\/div>\n\t\t<\/section>\n\t\t\t\t<section class=\"elementor-section elementor-top-section elementor-element elementor-element-ebc91fd elementor-section-boxed elementor-section-height-default elementor-section-height-default\" data-id=\"ebc91fd\" data-element_type=\"section\">\n\t\t\t\t\t\t<div class=\"elementor-container elementor-column-gap-default\">\n\t\t\t\t\t<div class=\" elementor-column elementor-col-100 elementor-top-column elementor-element elementor-element-712fa57\" data-fullscreen-column-settings=\"{&quot;fullscreen&quot;:&quot;&quot;}\" data-id=\"712fa57\" data-element_type=\"column\">\n\t\t\t<div class=\"elementor-widget-wrap elementor-element-populated\">\n\t\t\t\t\t\t<div class=\"elementor-element elementor-element-3a7b758 elementor-widget elementor-widget-shortcode\" data-id=\"3a7b758\" data-element_type=\"widget\" data-widget_type=\"shortcode.default\">\n\t\t\t\t<div class=\"elementor-widget-container\">\n\t\t\t\t\t\t\t<div class=\"elementor-shortcode\"><div class=\"agenda-imagenes\"><div class=\"swiper-container\" style=\"overflow: hidden;\">\n    <div class=\"swiper-wrapper\">\n                    <div class=\"swiper-slide\" style=\"background: url('https:\/\/www.anecblau.com\/wp-content\/uploads\/2026\/04\/ANECBLAU_APERTURA_HICLAW_EVENTO_FOTO_CAT.png') no-repeat center center; background-size: cover;\">\n                <div class=\"front\">\n                    <h3 class=\"title\">Hi Claw arriba a \u00e0necblau!<\/h3>\n                <\/div>\n                <div class=\"back\">\n                    <p class=\"content\">Estem d&#8217;enhorabona! Avui inaugurem\u00a0Hi Claw, el nou espai de diversi\u00f3 que promet convertir-se en el lloc preferit de grans i petits. Vine a gaudir d&#8217;un univers ple de color i emoci\u00f3 amb les millors\u00a0m\u00e0quines d&#8217;habilitat\u00a0per aconseguir els\u00a0peluixos m\u00e9s incre\u00efbles\u00a0del moment. T&#8217;esperem avui mateix per viure una experi\u00e8ncia plena de rialles. No perdis l&#8217;oportunitat de ser [&hellip;]<\/p>\n                    <a href=\"https:\/\/www.anecblau.com\/ca\/evento\/hi-claw-arriba-a-anecblau\/\" class=\"btn\" style=\"color:#202020!important\">Veure M\u00e9s<\/a>\n                <\/div>\n            <\/div>\n                    <div class=\"swiper-slide\" style=\"background: url('https:\/\/www.anecblau.com\/wp-content\/uploads\/2026\/03\/EVENTO-FOTO_CAT.png') no-repeat center center; background-size: cover;\">\n                <div class=\"front\">\n                    <h3 class=\"title\">Aquest estiu\u2026 els plans comencen aqu\u00ed<\/h3>\n                <\/div>\n                <div class=\"back\">\n                    <p class=\"content\">Vols regalar als m\u00e9s petits una setmana plena d\u2019aventures, esport i diversi\u00f3? Participa en el nostre sorteig i aconsegueix\u00a01 setmana de casal d\u2019estiu al Canal Ol\u00edmpic de Catalunya.<\/p>\n                    <a href=\"https:\/\/www.anecblau.com\/ca\/evento\/aquest-estiu-els-plans-comencen-aqui\/\" class=\"btn\" style=\"color:#202020!important\">Veure M\u00e9s<\/a>\n                <\/div>\n            <\/div>\n                    <div class=\"swiper-slide\" style=\"background: url('https:\/\/www.anecblau.com\/wp-content\/uploads\/2025\/09\/EVENT-DUDAS-CAT.webp') no-repeat center center; background-size: cover;\">\n                <div class=\"front\">\n                    <h3 class=\"title\">Resolem tots els teus dubtes per Whatsapp!<\/h3>\n                <\/div>\n                <div class=\"back\">\n                    <p class=\"content\">Un Whatsapp i resolem tots els teus dubtes! Tan f\u00e0cil com sona. Si tens dubtes sobre horaris, obertures, establiments, promocions, serveis\u2026 nom\u00e9s has d\u2019enviar-nos un Whatsapp i t\u2019ajudarem.<\/p>\n                    <a href=\"https:\/\/www.anecblau.com\/ca\/evento\/resolem-tots-els-teus-dubtes-per-whatsapp\/\" class=\"btn\" style=\"color:#202020!important\">Veure M\u00e9s<\/a>\n                <\/div>\n            <\/div>\n                    <div class=\"swiper-slide\" style=\"background: url('https:\/\/www.anecblau.com\/wp-content\/uploads\/2025\/09\/zona-restauracioncat.webp') no-repeat center center; background-size: cover;\">\n                <div class=\"front\">\n                    <h3 class=\"title\">Descobreix la nostra zona de restauraci\u00f3!<\/h3>\n                <\/div>\n                <div class=\"back\">\n                    <p class=\"content\">M\u00e9s llum, m\u00e9s \u00e0mplia i m\u00e9s mediterr\u00e0nia!<\/p>\n                    <a href=\"https:\/\/www.anecblau.com\/ca\/evento\/nostra-nova-zona-restauracio\/\" class=\"btn\" style=\"color:#202020!important\">Veure M\u00e9s<\/a>\n                <\/div>\n            <\/div>\n            <\/div>\n\t<div class=\"swiper-button-next\"> > <\/div>\n    <div class=\"swiper-button-prev\"> < <\/div>\n    <div class=\"swiper-pagination\"><\/div>\n<\/div>\n\n  <script>\n    document.addEventListener('DOMContentLoaded', function () {\n      var swiper = new Swiper('.swiper-container', {\n        slidesPerView: 1,\n        spaceBetween: 20,\n        loop: false,\n        centerInsufficientSlides: true,\n        autoplay: {\n          delay: 3000,\n          disableOnInteraction: false, \/\/ Permite al usuario interactuar y que el autoplay no se detenga\n        },\n        pagination: {\n          el: '.swiper-pagination',\n          type: 'bullets',\n\n        },\n        navigation: {\n          nextEl: \".swiper-button-next\",\n          prevEl: \".swiper-button-prev\",\n        },\n        breakpoints: {\n          1200: {\n            slidesPerView: 3,\n            spaceBetween: 40,\n          },\n        }\n      });\n    });\n  <\/script>\n<\/div><\/div>\n\t\t\t\t\t\t<\/div>\n\t\t\t\t<\/div>\n\t\t\t\t\t<\/div>\n\t\t<\/div>\n\t\t\t\t\t<\/div>\n\t\t<\/section>\n\t\t\t\t<\/div>\n\t\t","protected":false},"excerpt":{"rendered":"<p>Agenda \u00a1Viu moments inoblidables amb els nostres esdeveniments i activitats especials! Al nostre centre comercial, sempre hi ha alguna cosa emocionant per a tu. Participa en sortejos exclusius, gaudeix de les nostres celebracions tem\u00e0tiques o submergeix-te en la diversi\u00f3 dels esdeveniments familiars. Et garantim entreteniment per a totes les edats. Estigues atent a la nostra [&hellip;]<\/p>\n","protected":false},"author":6,"featured_media":0,"parent":0,"menu_order":233,"comment_status":"closed","ping_status":"closed","template":"","meta":{"footnotes":""},"class_list":["post-84764","page","type-page","status-publish","hentry"],"yoast_head":"<!-- This site is optimized with the Yoast SEO plugin v25.4 - https:\/\/yoast.com\/wordpress\/plugins\/seo\/ -->\n<title>Agenda | Centro Comercial \u00c0necblau<\/title>\n<meta name=\"description\" content=\"Els esdeveniments que realitzem al Centre Comercial Anecblau no et deixaran de sorprendre V\u00e9ns?\" \/>\n<meta name=\"robots\" content=\"index, follow, max-snippet:-1, max-image-preview:large, max-video-preview:-1\" \/>\n<link rel=\"canonical\" href=\"https:\/\/www.anecblau.com\/ca\/esdeveniments\/\" \/>\n<meta property=\"og:locale\" content=\"ca_ES\" \/>\n<meta property=\"og:type\" content=\"article\" \/>\n<meta property=\"og:title\" content=\"Agenda | Centro Comercial \u00c0necblau\" \/>\n<meta property=\"og:description\" content=\"Els esdeveniments que realitzem al Centre Comercial Anecblau no et deixaran de sorprendre V\u00e9ns?\" \/>\n<meta property=\"og:url\" content=\"https:\/\/www.anecblau.com\/ca\/esdeveniments\/\" \/>\n<meta property=\"og:site_name\" content=\"Centro Comercial \u00c0necblau\" \/>\n<meta property=\"article:modified_time\" content=\"2025-10-07T12:48:24+00:00\" \/>\n<meta property=\"og:image\" content=\"https:\/\/www.anecblau.com\/wp-content\/uploads\/2024\/10\/agenda.png\" \/>\n<meta name=\"twitter:card\" content=\"summary_large_image\" \/>\n<meta name=\"twitter:label1\" content=\"Est. reading time\" \/>\n\t<meta name=\"twitter:data1\" content=\"1 minute\" \/>\n<!-- \/ Yoast SEO plugin. -->","yoast_head_json":{"title":"Agenda | Centro Comercial \u00c0necblau","description":"Els esdeveniments que realitzem al Centre Comercial Anecblau no et deixaran de sorprendre V\u00e9ns?","robots":{"index":"index","follow":"follow","max-snippet":"max-snippet:-1","max-image-preview":"max-image-preview:large","max-video-preview":"max-video-preview:-1"},"canonical":"https:\/\/www.anecblau.com\/ca\/esdeveniments\/","og_locale":"ca_ES","og_type":"article","og_title":"Agenda | Centro Comercial \u00c0necblau","og_description":"Els esdeveniments que realitzem al Centre Comercial Anecblau no et deixaran de sorprendre V\u00e9ns?","og_url":"https:\/\/www.anecblau.com\/ca\/esdeveniments\/","og_site_name":"Centro Comercial \u00c0necblau","article_modified_time":"2025-10-07T12:48:24+00:00","og_image":[{"url":"https:\/\/www.anecblau.com\/wp-content\/uploads\/2024\/10\/agenda.png","type":"","width":"","height":""}],"twitter_card":"summary_large_image","twitter_misc":{"Est. reading time":"1 minute"},"schema":{"@context":"https:\/\/schema.org","@graph":[{"@type":"WebPage","@id":"https:\/\/www.anecblau.com\/ca\/esdeveniments\/","url":"https:\/\/www.anecblau.com\/ca\/esdeveniments\/","name":"Agenda | Centro Comercial \u00c0necblau","isPartOf":{"@id":"https:\/\/www.anecblau.com\/ca\/#website"},"primaryImageOfPage":{"@id":"https:\/\/www.anecblau.com\/ca\/esdeveniments\/#primaryimage"},"image":{"@id":"https:\/\/www.anecblau.com\/ca\/esdeveniments\/#primaryimage"},"thumbnailUrl":"https:\/\/www.anecblau.com\/wp-content\/uploads\/2024\/10\/agenda.png","datePublished":"2025-09-09T10:02:58+00:00","dateModified":"2025-10-07T12:48:24+00:00","description":"Els esdeveniments que realitzem al Centre Comercial Anecblau no et deixaran de sorprendre V\u00e9ns?","breadcrumb":{"@id":"https:\/\/www.anecblau.com\/ca\/esdeveniments\/#breadcrumb"},"inLanguage":"ca-ES","potentialAction":[{"@type":"ReadAction","target":["https:\/\/www.anecblau.com\/ca\/esdeveniments\/"]}]},{"@type":"ImageObject","inLanguage":"ca-ES","@id":"https:\/\/www.anecblau.com\/ca\/esdeveniments\/#primaryimage","url":"https:\/\/www.anecblau.com\/wp-content\/uploads\/2024\/10\/agenda.png","contentUrl":"https:\/\/www.anecblau.com\/wp-content\/uploads\/2024\/10\/agenda.png"},{"@type":"BreadcrumbList","@id":"https:\/\/www.anecblau.com\/ca\/esdeveniments\/#breadcrumb","itemListElement":[{"@type":"ListItem","position":1,"name":"Portada","item":"https:\/\/www.anecblau.com\/ca\/"},{"@type":"ListItem","position":2,"name":"Agenda"}]},{"@type":"WebSite","@id":"https:\/\/www.anecblau.com\/ca\/#website","url":"https:\/\/www.anecblau.com\/ca\/","name":"Centro Comercial \u00c0necblau","description":"Centro Comercial | \u00c0necblau","publisher":{"@id":"https:\/\/www.anecblau.com\/ca\/#organization"},"potentialAction":[{"@type":"SearchAction","target":{"@type":"EntryPoint","urlTemplate":"https:\/\/www.anecblau.com\/ca\/?s={search_term_string}"},"query-input":{"@type":"PropertyValueSpecification","valueRequired":true,"valueName":"search_term_string"}}],"inLanguage":"ca-ES"},{"@type":"Organization","@id":"https:\/\/www.anecblau.com\/ca\/#organization","name":"Anecblau","alternateName":"Centro Comercial | \u00c0necblau","url":"https:\/\/www.anecblau.com\/ca\/","logo":{"@type":"ImageObject","inLanguage":"ca-ES","@id":"https:\/\/www.anecblau.com\/ca\/#\/schema\/logo\/image\/","url":"https:\/\/www.anecblau.com\/wp-content\/uploads\/2021\/04\/anecblau-logo-diciembrecolor.svg","contentUrl":"https:\/\/www.anecblau.com\/wp-content\/uploads\/2021\/04\/anecblau-logo-diciembrecolor.svg","width":1,"height":1,"caption":"Anecblau"},"image":{"@id":"https:\/\/www.anecblau.com\/ca\/#\/schema\/logo\/image\/"}}]}},"publishpress_future_action":{"enabled":false,"date":"2026-05-09 14:02:36","action":"change-status","newStatus":"draft","terms":[],"taxonomy":"translation_priority"},"publishpress_future_workflow_manual_trigger":{"enabledWorkflows":[]},"_links":{"self":[{"href":"https:\/\/www.anecblau.com\/ca\/wp-json\/wp\/v2\/pages\/84764","targetHints":{"allow":["GET"]}}],"collection":[{"href":"https:\/\/www.anecblau.com\/ca\/wp-json\/wp\/v2\/pages"}],"about":[{"href":"https:\/\/www.anecblau.com\/ca\/wp-json\/wp\/v2\/types\/page"}],"author":[{"embeddable":true,"href":"https:\/\/www.anecblau.com\/ca\/wp-json\/wp\/v2\/users\/6"}],"replies":[{"embeddable":true,"href":"https:\/\/www.anecblau.com\/ca\/wp-json\/wp\/v2\/comments?post=84764"}],"version-history":[{"count":5,"href":"https:\/\/www.anecblau.com\/ca\/wp-json\/wp\/v2\/pages\/84764\/revisions"}],"predecessor-version":[{"id":86044,"href":"https:\/\/www.anecblau.com\/ca\/wp-json\/wp\/v2\/pages\/84764\/revisions\/86044"}],"wp:attachment":[{"href":"https:\/\/www.anecblau.com\/ca\/wp-json\/wp\/v2\/media?parent=84764"}],"curies":[{"name":"wp","href":"https:\/\/api.w.org\/{rel}","templated":true}]}}