{"id":87832,"date":"2026-03-13T14:14:35","date_gmt":"2026-03-13T13:14:35","guid":{"rendered":"https:\/\/www.anecblau.com\/?page_id=87832"},"modified":"2026-04-09T09:52:47","modified_gmt":"2026-04-09T07:52:47","slug":"que-veure-a-castelldefels","status":"publish","type":"page","link":"https:\/\/www.anecblau.com\/ca\/que-veure-a-castelldefels\/","title":{"rendered":"Qu\u00e8 veure a Castelldefels"},"content":{"rendered":"\t\t<div data-elementor-type=\"wp-page\" data-elementor-id=\"87832\" class=\"elementor elementor-87832 elementor-87721\">\n\t\t\t\t\t\t<section class=\"elementor-section elementor-top-section elementor-element elementor-element-b5203fb elementor-section-height-min-height elementor-hidden-mobile elementor-hidden-tablet elementor-section-boxed elementor-section-height-default elementor-section-items-middle\" data-id=\"b5203fb\" data-element_type=\"section\" data-settings=\"{&quot;background_background&quot;:&quot;classic&quot;}\">\n\t\t\t\t\t\t<div class=\"elementor-container elementor-column-gap-default\">\n\t\t\t\t\t<div class=\" elementor-column elementor-col-100 elementor-top-column elementor-element elementor-element-b470438\" data-fullscreen-column-settings=\"{&quot;fullscreen&quot;:&quot;&quot;}\" data-id=\"b470438\" data-element_type=\"column\">\n\t\t\t<div class=\"elementor-widget-wrap\">\n\t\t\t\t\t\t\t<\/div>\n\t\t<\/div>\n\t\t\t\t\t<\/div>\n\t\t<\/section>\n\t\t<div class=\"elementor-element elementor-element-a1d8881 e-flex e-con-boxed e-con e-parent\" data-id=\"a1d8881\" data-element_type=\"container\">\n\t\t\t\t\t<div class=\"e-con-inner\">\n\t\t<div class=\"elementor-element elementor-element-ce59b50 e-flex e-con-boxed e-con e-child\" data-id=\"ce59b50\" data-element_type=\"container\">\n\t\t\t\t\t<div class=\"e-con-inner\">\n\t\t\t\t<div class=\"elementor-element elementor-element-86cafcc elementor-widget elementor-widget-spacer\" data-id=\"86cafcc\" data-element_type=\"widget\" data-widget_type=\"spacer.default\">\n\t\t\t\t<div class=\"elementor-widget-container\">\n\t\t\t\t\t\t\t<div class=\"elementor-spacer\">\n\t\t\t<div class=\"elementor-spacer-inner\"><\/div>\n\t\t<\/div>\n\t\t\t\t\t\t<\/div>\n\t\t\t\t<\/div>\n\t\t\t\t<div class=\"elementor-element elementor-element-63609b4 elementor-widget elementor-widget-heading\" data-id=\"63609b4\" data-element_type=\"widget\" data-widget_type=\"heading.default\">\n\t\t\t\t<div class=\"elementor-widget-container\">\n\t\t\t\t\t<h1 class=\"elementor-heading-title elementor-size-default\">Viu Castelldefels<\/h1>\t\t\t\t<\/div>\n\t\t\t\t<\/div>\n\t\t\t\t<div class=\"elementor-element elementor-element-3f3ae92 elementor-widget__width-initial elementor-widget elementor-widget-text-editor\" data-id=\"3f3ae92\" data-element_type=\"widget\" data-widget_type=\"text-editor.default\">\n\t\t\t\t<div class=\"elementor-widget-container\">\n\t\t\t\t\t\t\t\t\t<p>Castelldefels \u00e9s mar, naturalesa i qualitat de vida. Una ciutat oberta a la Mediterr\u00e0nia, coneguda per la seva extensa platja, l&#8217;entorn natural i l&#8217;estil de vida actiu i relaxat. A pocs minuts de Barcelona combina tranquil\u00b7litat, esport i lleure durant tot l&#8217;any.<\/p><p>Una destinaci\u00f3 perfecta per gaudir a l&#8217;aire lliure, descobrir-ne el patrimoni i completar el pla a \u00c0nec Blau, el centre comercial de refer\u00e8ncia a Castelldefels.<\/p>\t\t\t\t\t\t\t\t<\/div>\n\t\t\t\t<\/div>\n\t\t\t\t\t<\/div>\n\t\t\t\t<\/div>\n\t\t<div class=\"elementor-element elementor-element-7a354ab elementor-hidden-mobile e-con-full e-flex e-con e-child\" data-id=\"7a354ab\" data-element_type=\"container\" data-settings=\"{&quot;background_background&quot;:&quot;classic&quot;}\">\n\t\t\t\t<\/div>\n\t\t<div class=\"elementor-element elementor-element-d2d68ed e-con-full elementor-hidden-desktop elementor-hidden-tablet e-flex e-con e-child\" data-id=\"d2d68ed\" data-element_type=\"container\">\n\t\t\t\t<div class=\"elementor-element elementor-element-47e81be elementor-hidden-desktop elementor-hidden-tablet elementor-widget elementor-widget-image\" data-id=\"47e81be\" data-element_type=\"widget\" data-widget_type=\"image.default\">\n\t\t\t\t<div class=\"elementor-widget-container\">\n\t\t\t\t\t\t\t\t\t\t\t\t\t\t\t<img fetchpriority=\"high\" decoding=\"async\" width=\"1024\" height=\"745\" src=\"https:\/\/www.anecblau.com\/wp-content\/uploads\/2026\/03\/banner_turismo_anecblacu-1024x745.png\" class=\"attachment-large size-large wp-image-87781\" alt=\"\" srcset=\"https:\/\/www.anecblau.com\/wp-content\/uploads\/2026\/03\/banner_turismo_anecblacu-1024x745.png 1024w, https:\/\/www.anecblau.com\/wp-content\/uploads\/2026\/03\/banner_turismo_anecblacu-800x582.png 800w, https:\/\/www.anecblau.com\/wp-content\/uploads\/2026\/03\/banner_turismo_anecblacu-768x559.png 768w, https:\/\/www.anecblau.com\/wp-content\/uploads\/2026\/03\/banner_turismo_anecblacu-200x146.png 200w, https:\/\/www.anecblau.com\/wp-content\/uploads\/2026\/03\/banner_turismo_anecblacu.png 1054w\" sizes=\"(max-width: 1024px) 100vw, 1024px\" \/>\t\t\t\t\t\t\t\t\t\t\t\t\t\t\t<\/div>\n\t\t\t\t<\/div>\n\t\t\t\t<\/div>\n\t\t\t\t\t<\/div>\n\t\t\t\t<\/div>\n\t\t<div class=\"elementor-element elementor-element-3e92a77 e-flex e-con-boxed e-con e-parent\" data-id=\"3e92a77\" data-element_type=\"container\">\n\t\t\t\t\t<div class=\"e-con-inner\">\n\t\t\t\t<div class=\"elementor-element elementor-element-764893f elementor-widget elementor-widget-spacer\" data-id=\"764893f\" data-element_type=\"widget\" data-widget_type=\"spacer.default\">\n\t\t\t\t<div class=\"elementor-widget-container\">\n\t\t\t\t\t\t\t<div class=\"elementor-spacer\">\n\t\t\t<div class=\"elementor-spacer-inner\"><\/div>\n\t\t<\/div>\n\t\t\t\t\t\t<\/div>\n\t\t\t\t<\/div>\n\t\t\t\t\t<\/div>\n\t\t\t\t<\/div>\n\t\t<div class=\"elementor-element elementor-element-6c7e9c1 e-con-full e-flex e-con e-parent\" data-id=\"6c7e9c1\" data-element_type=\"container\" data-settings=\"{&quot;background_background&quot;:&quot;classic&quot;}\">\n\t\t<div class=\"elementor-element elementor-element-a17881e e-flex e-con-boxed e-con e-child\" data-id=\"a17881e\" data-element_type=\"container\">\n\t\t\t\t\t<div class=\"e-con-inner\">\n\t\t\t\t<div class=\"elementor-element elementor-element-d9e4b53 elementor-widget elementor-widget-spacer\" data-id=\"d9e4b53\" data-element_type=\"widget\" data-widget_type=\"spacer.default\">\n\t\t\t\t<div class=\"elementor-widget-container\">\n\t\t\t\t\t\t\t<div class=\"elementor-spacer\">\n\t\t\t<div class=\"elementor-spacer-inner\"><\/div>\n\t\t<\/div>\n\t\t\t\t\t\t<\/div>\n\t\t\t\t<\/div>\n\t\t\t\t<div class=\"elementor-element elementor-element-d781cbc elementor-widget elementor-widget-heading\" data-id=\"d781cbc\" data-element_type=\"widget\" data-widget_type=\"heading.default\">\n\t\t\t\t<div class=\"elementor-widget-container\">\n\t\t\t\t\t<h2 class=\"elementor-heading-title elementor-size-default\">Qu\u00e8 veure a Castelldefels<\/h2>\t\t\t\t<\/div>\n\t\t\t\t<\/div>\n\t\t\t\t<div class=\"elementor-element elementor-element-1eb3d0b elementor-widget elementor-widget-spacer\" data-id=\"1eb3d0b\" data-element_type=\"widget\" data-widget_type=\"spacer.default\">\n\t\t\t\t<div class=\"elementor-widget-container\">\n\t\t\t\t\t\t\t<div class=\"elementor-spacer\">\n\t\t\t<div class=\"elementor-spacer-inner\"><\/div>\n\t\t<\/div>\n\t\t\t\t\t\t<\/div>\n\t\t\t\t<\/div>\n\t\t\t\t\t<\/div>\n\t\t\t\t<\/div>\n\t\t<div class=\"elementor-element elementor-element-a4ed764 e-grid e-con-boxed e-con e-child\" data-id=\"a4ed764\" data-element_type=\"container\">\n\t\t\t\t\t<div class=\"e-con-inner\">\n\t\t<div class=\"elementor-element elementor-element-9a902dc e-con-full hito-box-moderno e-flex e-con e-child\" data-id=\"9a902dc\" data-element_type=\"container\" data-settings=\"{&quot;background_background&quot;:&quot;classic&quot;}\">\n\t\t\t\t<div class=\"elementor-element elementor-element-80ad428 hito-descripcion-overlay elementor-widget elementor-widget-text-editor\" data-id=\"80ad428\" data-element_type=\"widget\" data-widget_type=\"text-editor.default\">\n\t\t\t\t<div class=\"elementor-widget-container\">\n\t\t\t\t\t\t\t\t\t<p><span style=\"font-weight: 400;\">M\u00e9s de cinc quil\u00f2metres de platja de sorra fina, ideal per passejar, fer esports aqu\u00e0tics o gaudir del sol durant tot l&#8217;any. Un espai clau a la vida de la ciutat, tant per a residents com per a visitants.<\/span><\/p>\t\t\t\t\t\t\t\t<\/div>\n\t\t\t\t<\/div>\n\t\t\t\t<div class=\"elementor-element elementor-element-5063132 hito-titulo-fijo elementor-widget elementor-widget-heading\" data-id=\"5063132\" data-element_type=\"widget\" data-widget_type=\"heading.default\">\n\t\t\t\t<div class=\"elementor-widget-container\">\n\t\t\t\t\t<h3 class=\"elementor-heading-title elementor-size-default\">Platja de Castelldefels<\/h3>\t\t\t\t<\/div>\n\t\t\t\t<\/div>\n\t\t\t\t<\/div>\n\t\t<div class=\"elementor-element elementor-element-4471b7d e-con-full hito-box-moderno e-flex e-con e-child\" data-id=\"4471b7d\" data-element_type=\"container\" data-settings=\"{&quot;background_background&quot;:&quot;classic&quot;}\">\n\t\t\t\t<div class=\"elementor-element elementor-element-45b0cb6 hito-descripcion-overlay elementor-widget elementor-widget-text-editor\" data-id=\"45b0cb6\" data-element_type=\"widget\" data-widget_type=\"text-editor.default\">\n\t\t\t\t<div class=\"elementor-widget-container\">\n\t\t\t\t\t\t\t\t\t<p><span style=\"font-weight: 400;\">Situat en un tur\u00f3 amb vista sobre el mar i el Delta del Llobregat, el castell \u00e9s un dels principals s\u00edmbols hist\u00f2rics de la ciutat. Un enclavament que combina patrimoni, cultura i panor\u00e0miques \u00faniques.<\/span><\/p>\t\t\t\t\t\t\t\t<\/div>\n\t\t\t\t<\/div>\n\t\t\t\t<div class=\"elementor-element elementor-element-c1dd717 hito-titulo-fijo elementor-widget elementor-widget-heading\" data-id=\"c1dd717\" data-element_type=\"widget\" data-widget_type=\"heading.default\">\n\t\t\t\t<div class=\"elementor-widget-container\">\n\t\t\t\t\t<h3 class=\"elementor-heading-title elementor-size-default\">Castell de Castelldefels<\/h3>\t\t\t\t<\/div>\n\t\t\t\t<\/div>\n\t\t\t\t<\/div>\n\t\t<div class=\"elementor-element elementor-element-cf39584 e-con-full hito-box-moderno e-flex e-con e-child\" data-id=\"cf39584\" data-element_type=\"container\" data-settings=\"{&quot;background_background&quot;:&quot;classic&quot;}\">\n\t\t\t\t<div class=\"elementor-element elementor-element-2f42a6b hito-descripcion-overlay elementor-widget elementor-widget-text-editor\" data-id=\"2f42a6b\" data-element_type=\"widget\" data-widget_type=\"text-editor.default\">\n\t\t\t\t<div class=\"elementor-widget-container\">\n\t\t\t\t\t\t\t\t\t<p><span style=\"font-weight: 400;\">Un entorn natural protegit que envolta la ciutat i ofereix rutes de senderisme, miradors i contacte directe amb la natura. Perfecte per desconnectar i gaudir del paisatge mediterrani.<\/span><\/p>\t\t\t\t\t\t\t\t<\/div>\n\t\t\t\t<\/div>\n\t\t\t\t<div class=\"elementor-element elementor-element-5d506ff hito-titulo-fijo elementor-widget elementor-widget-heading\" data-id=\"5d506ff\" data-element_type=\"widget\" data-widget_type=\"heading.default\">\n\t\t\t\t<div class=\"elementor-widget-container\">\n\t\t\t\t\t<h3 class=\"elementor-heading-title elementor-size-default\">Parc Natural del Garraf<\/h3>\t\t\t\t<\/div>\n\t\t\t\t<\/div>\n\t\t\t\t<\/div>\n\t\t<div class=\"elementor-element elementor-element-da313e2 e-con-full hito-box-moderno e-flex e-con e-child\" data-id=\"da313e2\" data-element_type=\"container\" data-settings=\"{&quot;background_background&quot;:&quot;classic&quot;}\">\n\t\t\t\t<div class=\"elementor-element elementor-element-3ce5ba8 hito-descripcion-overlay elementor-widget elementor-widget-text-editor\" data-id=\"3ce5ba8\" data-element_type=\"widget\" data-widget_type=\"text-editor.default\">\n\t\t\t\t<div class=\"elementor-widget-container\">\n\t\t\t\t\t\t\t\t\t<p><span style=\"font-weight: 400;\">Instalaci\u00f3n deportiva de referencia donde se pueden practicar actividades acu\u00e1ticas como pirag\u00fcismo, kayak o paddle surf. Un espacio din\u00e1mico y familiar que refleja el car\u00e1cter activo de Castelldefels.<\/span><\/p>\t\t\t\t\t\t\t\t<\/div>\n\t\t\t\t<\/div>\n\t\t\t\t<div class=\"elementor-element elementor-element-ed1729d hito-titulo-fijo elementor-widget elementor-widget-heading\" data-id=\"ed1729d\" data-element_type=\"widget\" data-widget_type=\"heading.default\">\n\t\t\t\t<div class=\"elementor-widget-container\">\n\t\t\t\t\t<h3 class=\"elementor-heading-title elementor-size-default\">Canal Ol\u00edmpic de Catalunya<\/h3>\t\t\t\t<\/div>\n\t\t\t\t<\/div>\n\t\t\t\t<\/div>\n\t\t<div class=\"elementor-element elementor-element-1a9a2b5 e-con-full hito-box-moderno e-flex e-con e-child\" data-id=\"1a9a2b5\" data-element_type=\"container\" data-settings=\"{&quot;background_background&quot;:&quot;classic&quot;}\">\n\t\t\t\t<div class=\"elementor-element elementor-element-c0a5474 hito-descripcion-overlay elementor-widget elementor-widget-text-editor\" data-id=\"c0a5474\" data-element_type=\"widget\" data-widget_type=\"text-editor.default\">\n\t\t\t\t<div class=\"elementor-widget-container\">\n\t\t\t\t\t\t\t\t\t<p><span style=\"font-weight: 400;\">Calles comerciales, terrazas y una amplia oferta gastron\u00f3mica hacen del centro de Castelldefels un lugar animado y cercano, ideal para pasear y disfrutar del ambiente local.<\/span><\/p>\t\t\t\t\t\t\t\t<\/div>\n\t\t\t\t<\/div>\n\t\t\t\t<div class=\"elementor-element elementor-element-29f9d1c hito-titulo-fijo elementor-widget elementor-widget-heading\" data-id=\"29f9d1c\" data-element_type=\"widget\" data-widget_type=\"heading.default\">\n\t\t\t\t<div class=\"elementor-widget-container\">\n\t\t\t\t\t<h3 class=\"elementor-heading-title elementor-size-default\">Centre urb\u00e0<\/h3>\t\t\t\t<\/div>\n\t\t\t\t<\/div>\n\t\t\t\t<\/div>\n\t\t<div class=\"elementor-element elementor-element-31de299 e-con-full hito-box-moderno e-flex e-con e-child\" data-id=\"31de299\" data-element_type=\"container\" data-settings=\"{&quot;background_background&quot;:&quot;classic&quot;}\">\n\t\t\t\t<div class=\"elementor-element elementor-element-f5a9361 hito-descripcion-overlay elementor-widget elementor-widget-text-editor\" data-id=\"f5a9361\" data-element_type=\"widget\" data-widget_type=\"text-editor.default\">\n\t\t\t\t<div class=\"elementor-widget-container\">\n\t\t\t\t\t\t\t\t\t<p><span style=\"font-weight: 400;\">\u00c0nec Blau forma parte del d\u00eda a d\u00eda de Castelldefels. Un centro comercial integrado en la ciudad, donde disfrutar de una experiencia completa que combina compras, gastronom\u00eda y ocio al aire libre.<\/span><\/p>\t\t\t\t\t\t\t\t<\/div>\n\t\t\t\t<\/div>\n\t\t\t\t<div class=\"elementor-element elementor-element-36c0a4f hito-titulo-fijo elementor-widget elementor-widget-heading\" data-id=\"36c0a4f\" data-element_type=\"widget\" data-widget_type=\"heading.default\">\n\t\t\t\t<div class=\"elementor-widget-container\">\n\t\t\t\t\t<h3 class=\"elementor-heading-title elementor-size-default\">\u00c0necblau<\/h3>\t\t\t\t<\/div>\n\t\t\t\t<\/div>\n\t\t\t\t<\/div>\n\t\t\t\t\t<\/div>\n\t\t\t\t<\/div>\n\t\t<div class=\"elementor-element elementor-element-5fccf7b e-flex e-con-boxed e-con e-child\" data-id=\"5fccf7b\" data-element_type=\"container\">\n\t\t\t\t\t<div class=\"e-con-inner\">\n\t\t\t\t<div class=\"elementor-element elementor-element-2d59e3f elementor-widget elementor-widget-html\" data-id=\"2d59e3f\" data-element_type=\"widget\" data-widget_type=\"html.default\">\n\t\t\t\t<div class=\"elementor-widget-container\">\n\t\t\t\t\t<style>\n    \/* Contenedor principal *\/\n.hito-box-moderno {\n    position: relative;\n    overflow: hidden;\n    display: flex;\n    flex-direction: column;\n    justify-content: flex-end; \/* T\u00edtulo abajo por defecto *\/\n    transition: all 0.4s ease-in-out;\n    cursor: pointer;\n}\n\n\/* El fondo negro (overlay) que aparece al hacer hover *\/\n.hito-box-moderno::before {\n    content: '';\n    position: absolute;\n    top: 0;\n    left: 0;\n    width: 100%;\n    height: 100%;\n    background: rgba(0, 0, 0, 0.7); \/* Oscurece la imagen *\/\n    opacity: 0;\n    transition: opacity 0.3s ease;\n    z-index: 1;\n}\n\n\/* T\u00edtulo fijo abajo *\/\n.hito-titulo-fijo {\n    color: #fff !important;\n    padding: 20px;\n    z-index: 2;\n    margin: 0 !important;\n    transition: opacity 0.3s ease;\n}\n\n\/* Descripci\u00f3n que est\u00e1 oculta *\/\n.hito-descripcion-overlay {\n    position: absolute;\n    top: 50%;\n    left: 50%;\n    transform: translate(-50%, -40%); \/* Un poco abajo para el efecto de subida *\/\n    width: 80%;\n    color: #fff !important;\n    text-align: center;\n    opacity: 0;\n    z-index: 3;\n    transition: all 0.4s ease;\n    pointer-events: none; \/* Para que no moleste al hacer click *\/\n}\n\n\/* --- COMPORTAMIENTO HOVER --- *\/\n\n.hito-box-moderno:hover::before {\n    opacity: 1; \/* Aparece el fondo negro *\/\n}\n\n.hito-box-moderno:hover .hito-descripcion-overlay {\n    opacity: 1;\n    transform: translate(-50%, -50%); \/* Sube a su posici\u00f3n central *\/\n}\n\n.hito-box-moderno:hover .hito-titulo-fijo {\n    opacity: 0; \/* El t\u00edtulo desaparece para que se lea bien el texto (opcional) *\/\n}\n<\/style>\n\n<script>\njQuery(document).ready(function($) {\n    $('.hito-box-moderno').on('click', function() {\n        \/\/ Si ya est\u00e1 activo, se quita. Si no, quita a los otros y activa este.\n        if($(this).hasClass('active-mobile')){\n            $(this).removeClass('active-mobile');\n        } else {\n            $('.hito-box-moderno').removeClass('active-mobile');\n            $(this).addClass('active-mobile');\n        }\n    });\n});\n<\/script>\n\n<style>\n\/* Forzar el estado visible en m\u00f3vil cuando tenga la clase activa *\/\n.hito-box-moderno.active-mobile::before { opacity: 1; }\n.hito-box-moderno.active-mobile .hito-descripcion-overlay { opacity: 1; transform: translate(-50%, -50%); }\n.hito-box-moderno.active-mobile .hito-titulo-fijo { opacity: 0; }\n<\/style>\t\t\t\t<\/div>\n\t\t\t\t<\/div>\n\t\t\t\t<div class=\"elementor-element elementor-element-70f0770 elementor-widget elementor-widget-spacer\" data-id=\"70f0770\" data-element_type=\"widget\" data-widget_type=\"spacer.default\">\n\t\t\t\t<div class=\"elementor-widget-container\">\n\t\t\t\t\t\t\t<div class=\"elementor-spacer\">\n\t\t\t<div class=\"elementor-spacer-inner\"><\/div>\n\t\t<\/div>\n\t\t\t\t\t\t<\/div>\n\t\t\t\t<\/div>\n\t\t\t\t\t<\/div>\n\t\t\t\t<\/div>\n\t\t\t\t<\/div>\n\t\t<div class=\"elementor-element elementor-element-c070c12 e-flex e-con-boxed e-con e-parent\" data-id=\"c070c12\" data-element_type=\"container\">\n\t\t\t\t\t<div class=\"e-con-inner\">\n\t\t<div class=\"elementor-element elementor-element-5d720b4 elementor-hidden-mobile e-flex e-con-boxed e-con e-child\" data-id=\"5d720b4\" data-element_type=\"container\" data-settings=\"{&quot;background_background&quot;:&quot;classic&quot;}\">\n\t\t\t\t\t<div class=\"e-con-inner\">\n\t\t\t\t\t<\/div>\n\t\t\t\t<\/div>\n\t\t<div class=\"elementor-element elementor-element-05b5d35 e-con-full elementor-hidden-desktop elementor-hidden-tablet e-flex e-con e-child\" data-id=\"05b5d35\" data-element_type=\"container\">\n\t\t\t\t<div class=\"elementor-element elementor-element-d5b2437 elementor-hidden-desktop elementor-hidden-tablet elementor-widget elementor-widget-image\" data-id=\"d5b2437\" data-element_type=\"widget\" data-widget_type=\"image.default\">\n\t\t\t\t<div class=\"elementor-widget-container\">\n\t\t\t\t\t\t\t\t\t\t\t\t\t\t\t<img decoding=\"async\" width=\"800\" height=\"583\" src=\"https:\/\/www.anecblau.com\/wp-content\/uploads\/2026\/03\/castedefelss2.png\" class=\"attachment-large size-large wp-image-87811\" alt=\"\" srcset=\"https:\/\/www.anecblau.com\/wp-content\/uploads\/2026\/03\/castedefelss2.png 800w, https:\/\/www.anecblau.com\/wp-content\/uploads\/2026\/03\/castedefelss2-768x560.png 768w, https:\/\/www.anecblau.com\/wp-content\/uploads\/2026\/03\/castedefelss2-200x146.png 200w\" sizes=\"(max-width: 800px) 100vw, 800px\" \/>\t\t\t\t\t\t\t\t\t\t\t\t\t\t\t<\/div>\n\t\t\t\t<\/div>\n\t\t\t\t<\/div>\n\t\t<div class=\"elementor-element elementor-element-dd18928 e-con-full e-flex e-con e-child\" data-id=\"dd18928\" data-element_type=\"container\">\n\t\t\t\t<div class=\"elementor-element elementor-element-54c5656 elementor-widget elementor-widget-spacer\" data-id=\"54c5656\" data-element_type=\"widget\" data-widget_type=\"spacer.default\">\n\t\t\t\t<div class=\"elementor-widget-container\">\n\t\t\t\t\t\t\t<div class=\"elementor-spacer\">\n\t\t\t<div class=\"elementor-spacer-inner\"><\/div>\n\t\t<\/div>\n\t\t\t\t\t\t<\/div>\n\t\t\t\t<\/div>\n\t\t\t\t<div class=\"elementor-element elementor-element-20737d7 elementor-widget elementor-widget-heading\" data-id=\"20737d7\" data-element_type=\"widget\" data-widget_type=\"heading.default\">\n\t\t\t\t<div class=\"elementor-widget-container\">\n\t\t\t\t\t<h2 class=\"elementor-heading-title elementor-size-default\">Viu Castelldefels, Viu \u00c0necblau<\/h2>\t\t\t\t<\/div>\n\t\t\t\t<\/div>\n\t\t\t\t<div class=\"elementor-element elementor-element-4c966d0 elementor-widget elementor-widget-text-editor\" data-id=\"4c966d0\" data-element_type=\"widget\" data-widget_type=\"text-editor.default\">\n\t\t\t\t<div class=\"elementor-widget-container\">\n\t\t\t\t\t\t\t\t\t<p>\u00c0nec Blau forma parte del d\u00eda a d\u00eda de Castelldefels. Un centro comercial integrado en la ciudad, donde disfrutar de una experiencia completa que combina compras, gastronom\u00eda y ocio al aire libre. Su ubicaci\u00f3n, su dise\u00f1o abierto y su variada oferta lo convierten en el lugar ideal para hacer una pausa tras un d\u00eda de playa, quedar con amigos o disfrutar en familia, en un entorno relajado y mediterr\u00e1neo.<\/p>\t\t\t\t\t\t\t\t<\/div>\n\t\t\t\t<\/div>\n\t\t<div class=\"elementor-element elementor-element-5ec0216 e-con-full e-flex e-con e-child\" data-id=\"5ec0216\" data-element_type=\"container\">\n\t\t\t\t<div class=\"elementor-element elementor-element-0ed0ae0 elementor-align-center elementor-widget elementor-widget-litho-button\" data-id=\"0ed0ae0\" data-element_type=\"widget\" data-widget_type=\"litho-button.default\">\n\t\t\t\t<div class=\"elementor-widget-container\">\n\t\t\t\t\t\t\t\t\t<div class=\"elementor-button-wrapper litho-button-wrapper\">\n\t\t\t\t\t<a class=\"elementor-button-link elementor-button elementor-size-lg \" href=\"https:\/\/www.anecblau.com\/horario\/\" target=\"_blank\" role=\"button\">\n\t\t\t\t\t\t\t\t\t<span class=\"elementor-button-content-wrapper\">\n\t\t\t\t\t\t\t\t\t\t\t\t\t<span class=\"elementor-button-text\">Veure horaris<\/span>\n\t\t\t\t\t\t\t<\/span>\n\t\t\t\t\t\t\t\t<\/a>\n\t\t\t\t<\/div>\n\t\t\t\t\t\t\t<\/div>\n\t\t\t\t<\/div>\n\t\t\t\t<div class=\"elementor-element elementor-element-9967922 elementor-align-center elementor-widget elementor-widget-litho-button\" data-id=\"9967922\" data-element_type=\"widget\" data-widget_type=\"litho-button.default\">\n\t\t\t\t<div class=\"elementor-widget-container\">\n\t\t\t\t\t\t\t\t\t<div class=\"elementor-button-wrapper litho-button-wrapper\">\n\t\t\t\t\t<a class=\"elementor-button-link elementor-button elementor-size-lg \" href=\"https:\/\/www.anecblau.com\/como-llegar\/\" target=\"_blank\" role=\"button\">\n\t\t\t\t\t\t\t\t\t<span class=\"elementor-button-content-wrapper\">\n\t\t\t\t\t\t\t\t\t\t\t\t\t<span class=\"elementor-button-text\">Com arribar<\/span>\n\t\t\t\t\t\t\t<\/span>\n\t\t\t\t\t\t\t\t<\/a>\n\t\t\t\t<\/div>\n\t\t\t\t\t\t\t<\/div>\n\t\t\t\t<\/div>\n\t\t\t\t<\/div>\n\t\t\t\t<\/div>\n\t\t\t\t\t<\/div>\n\t\t\t\t<\/div>\n\t\t<div class=\"elementor-element elementor-element-f99e3a1 e-flex e-con-boxed e-con e-parent\" data-id=\"f99e3a1\" data-element_type=\"container\">\n\t\t\t\t\t<div class=\"e-con-inner\">\n\t\t\t\t<div class=\"elementor-element elementor-element-5ee4565 elementor-widget elementor-widget-spacer\" data-id=\"5ee4565\" data-element_type=\"widget\" data-widget_type=\"spacer.default\">\n\t\t\t\t<div class=\"elementor-widget-container\">\n\t\t\t\t\t\t\t<div class=\"elementor-spacer\">\n\t\t\t<div class=\"elementor-spacer-inner\"><\/div>\n\t\t<\/div>\n\t\t\t\t\t\t<\/div>\n\t\t\t\t<\/div>\n\t\t\t\t\t<\/div>\n\t\t\t\t<\/div>\n\t\t<div class=\"elementor-element elementor-element-39f96c0 e-con-full e-flex e-con e-parent\" data-id=\"39f96c0\" data-element_type=\"container\" data-settings=\"{&quot;background_background&quot;:&quot;classic&quot;}\">\n\t\t<div class=\"elementor-element elementor-element-8692f66 e-flex e-con-boxed e-con e-child\" data-id=\"8692f66\" data-element_type=\"container\">\n\t\t\t\t\t<div class=\"e-con-inner\">\n\t\t\t\t<div class=\"elementor-element elementor-element-633ab3e elementor-widget elementor-widget-spacer\" data-id=\"633ab3e\" data-element_type=\"widget\" data-widget_type=\"spacer.default\">\n\t\t\t\t<div class=\"elementor-widget-container\">\n\t\t\t\t\t\t\t<div class=\"elementor-spacer\">\n\t\t\t<div class=\"elementor-spacer-inner\"><\/div>\n\t\t<\/div>\n\t\t\t\t\t\t<\/div>\n\t\t\t\t<\/div>\n\t\t\t\t\t<\/div>\n\t\t\t\t<\/div>\n\t\t<div class=\"elementor-element elementor-element-32417fd e-grid e-con-boxed e-con e-child\" data-id=\"32417fd\" data-element_type=\"container\">\n\t\t\t\t\t<div class=\"e-con-inner\">\n\t\t<a class=\"elementor-element elementor-element-65abf5e e-con-full e-flex e-con e-child\" data-id=\"65abf5e\" data-element_type=\"container\" data-settings=\"{&quot;background_background&quot;:&quot;classic&quot;}\" href=\"https:\/\/www.castelldefelsturismo.com\/\" target=\"_blank\">\n\t\t\t\t<div class=\"elementor-element elementor-element-3776b40 elementor-widget elementor-widget-heading\" data-id=\"3776b40\" data-element_type=\"widget\" data-widget_type=\"heading.default\">\n\t\t\t\t<div class=\"elementor-widget-container\">\n\t\t\t\t\t<h3 class=\"elementor-heading-title elementor-size-default\">DESCOBREIX CASTELLDEFELS<\/h3>\t\t\t\t<\/div>\n\t\t\t\t<\/div>\n\t\t\t\t<\/a>\n\t\t<a class=\"elementor-element elementor-element-4ddb611 e-con-full e-flex e-con e-child\" data-id=\"4ddb611\" data-element_type=\"container\" data-settings=\"{&quot;background_background&quot;:&quot;classic&quot;}\" href=\"https:\/\/maps.app.goo.gl\/Lpa3CjxZeSHGRow59\" target=\"_blank\">\n\t\t\t\t<div class=\"elementor-element elementor-element-9084a0f elementor-widget elementor-widget-heading\" data-id=\"9084a0f\" data-element_type=\"widget\" data-widget_type=\"heading.default\">\n\t\t\t\t<div class=\"elementor-widget-container\">\n\t\t\t\t\t<h3 class=\"elementor-heading-title elementor-size-default\">PL\u00c0NOL CIUTAT<\/h3>\t\t\t\t<\/div>\n\t\t\t\t<\/div>\n\t\t\t\t<\/a>\n\t\t<a class=\"elementor-element elementor-element-db28d15 e-con-full e-flex e-con e-child\" data-id=\"db28d15\" data-element_type=\"container\" data-settings=\"{&quot;background_background&quot;:&quot;classic&quot;}\" href=\"https:\/\/www.castelldefelsturismo.com\/es\/agenda\" target=\"_blank\">\n\t\t\t\t<div class=\"elementor-element elementor-element-d1af576 elementor-widget elementor-widget-heading\" data-id=\"d1af576\" data-element_type=\"widget\" data-widget_type=\"heading.default\">\n\t\t\t\t<div class=\"elementor-widget-container\">\n\t\t\t\t\t<h3 class=\"elementor-heading-title elementor-size-default\">AGENDA<\/h3>\t\t\t\t<\/div>\n\t\t\t\t<\/div>\n\t\t\t\t<\/a>\n\t\t<a class=\"elementor-element elementor-element-213a6c9 e-con-full e-flex e-con e-child\" data-id=\"213a6c9\" data-element_type=\"container\" data-settings=\"{&quot;background_background&quot;:&quot;classic&quot;}\" href=\"https:\/\/www.castelldefelsturismo.com\/es\/contacto\" target=\"_blank\">\n\t\t\t\t<div class=\"elementor-element elementor-element-0087016 elementor-widget elementor-widget-heading\" data-id=\"0087016\" data-element_type=\"widget\" data-widget_type=\"heading.default\">\n\t\t\t\t<div class=\"elementor-widget-container\">\n\t\t\t\t\t<h3 class=\"elementor-heading-title elementor-size-default\">ATENCI\u00d3 TUR\u00cdSTICA<\/h3>\t\t\t\t<\/div>\n\t\t\t\t<\/div>\n\t\t\t\t<\/a>\n\t\t\t\t\t<\/div>\n\t\t\t\t<\/div>\n\t\t<div class=\"elementor-element elementor-element-6732750 e-flex e-con-boxed e-con e-child\" data-id=\"6732750\" data-element_type=\"container\">\n\t\t\t\t\t<div class=\"e-con-inner\">\n\t\t\t\t<div class=\"elementor-element elementor-element-136d8c6 elementor-widget elementor-widget-spacer\" data-id=\"136d8c6\" data-element_type=\"widget\" data-widget_type=\"spacer.default\">\n\t\t\t\t<div class=\"elementor-widget-container\">\n\t\t\t\t\t\t\t<div class=\"elementor-spacer\">\n\t\t\t<div class=\"elementor-spacer-inner\"><\/div>\n\t\t<\/div>\n\t\t\t\t\t\t<\/div>\n\t\t\t\t<\/div>\n\t\t\t\t\t<\/div>\n\t\t\t\t<\/div>\n\t\t\t\t<\/div>\n\t\t<div class=\"elementor-element elementor-element-f366e99 e-flex e-con-boxed e-con e-parent\" data-id=\"f366e99\" data-element_type=\"container\">\n\t\t\t\t\t<div class=\"e-con-inner\">\n\t\t\t\t<div class=\"elementor-element elementor-element-cb7aca2 elementor-widget elementor-widget-spacer\" data-id=\"cb7aca2\" data-element_type=\"widget\" data-widget_type=\"spacer.default\">\n\t\t\t\t<div class=\"elementor-widget-container\">\n\t\t\t\t\t\t\t<div class=\"elementor-spacer\">\n\t\t\t<div class=\"elementor-spacer-inner\"><\/div>\n\t\t<\/div>\n\t\t\t\t\t\t<\/div>\n\t\t\t\t<\/div>\n\t\t\t\t\t<\/div>\n\t\t\t\t<\/div>\n\t\t<div class=\"elementor-element elementor-element-b1eb25d e-flex e-con-boxed e-con e-parent\" data-id=\"b1eb25d\" data-element_type=\"container\">\n\t\t\t\t\t<div class=\"e-con-inner\">\n\t\t<div class=\"elementor-element elementor-element-074eb95 e-con-full e-flex e-con e-child\" data-id=\"074eb95\" data-element_type=\"container\">\n\t\t<div class=\"elementor-element elementor-element-49af71f e-con-full e-flex e-con e-child\" data-id=\"49af71f\" data-element_type=\"container\" data-settings=\"{&quot;background_background&quot;:&quot;classic&quot;}\">\n\t\t\t\t<\/div>\n\t\t<div class=\"elementor-element elementor-element-ad95bae e-con-full e-flex e-con e-child\" data-id=\"ad95bae\" data-element_type=\"container\">\n\t\t\t\t<div class=\"elementor-element elementor-element-84eae7c elementor-widget elementor-widget-heading\" data-id=\"84eae7c\" data-element_type=\"widget\" data-widget_type=\"heading.default\">\n\t\t\t\t<div class=\"elementor-widget-container\">\n\t\t\t\t\t<h3 class=\"elementor-heading-title elementor-size-default\">TAX FREE<\/h3>\t\t\t\t<\/div>\n\t\t\t\t<\/div>\n\t\t\t\t<div class=\"elementor-element elementor-element-98a2588 elementor-widget elementor-widget-heading\" data-id=\"98a2588\" data-element_type=\"widget\" data-widget_type=\"heading.default\">\n\t\t\t\t<div class=\"elementor-widget-container\">\n\t\t\t\t\t<h2 class=\"elementor-heading-title elementor-size-default\">Les teves compres m\u00e9s c\u00f2modes!<\/h2>\t\t\t\t<\/div>\n\t\t\t\t<\/div>\n\t\t\t\t<div class=\"elementor-element elementor-element-5957b99 elementor-widget elementor-widget-text-editor\" data-id=\"5957b99\" data-element_type=\"widget\" data-widget_type=\"text-editor.default\">\n\t\t\t\t<div class=\"elementor-widget-container\">\n\t\t\t\t\t\t\t\t\tEstem treballant en la implementaci\u00f3 d&#8217;un servei de Tax Free gr\u00e0cies al qual, si compleixes els requisits establerts, podr\u00e0s aconseguir la devoluci\u00f3 de l&#8217;IVA de totes les compres.\nResidir fora de la Uni\u00f3 Europea. Excepte residents a Andorra, Gibraltar, Ceuta, Melilla i les Can\u00e0ries.\nRealitzar una compra igual o superior a 90,16\u20ac. \u00c9s possible agrupar tiquets de compres diferents si s\u00f3n del mateix mes natural o de la mateixa botiga. Segellar a la duana el formulari Tax Free en sortir de la Uni\u00f3 Europea i en un termini m\u00e0xim de 3 mesos de la data de compra.\t\t\t\t\t\t\t\t<\/div>\n\t\t\t\t<\/div>\n\t\t\t\t<\/div>\n\t\t\t\t<\/div>\n\t\t\t\t\t<\/div>\n\t\t\t\t<\/div>\n\t\t<div class=\"elementor-element elementor-element-afee706 e-flex e-con-boxed e-con e-parent\" data-id=\"afee706\" data-element_type=\"container\">\n\t\t\t\t\t<div class=\"e-con-inner\">\n\t\t\t\t<div class=\"elementor-element elementor-element-636f9d6 elementor-widget elementor-widget-spacer\" data-id=\"636f9d6\" data-element_type=\"widget\" data-widget_type=\"spacer.default\">\n\t\t\t\t<div class=\"elementor-widget-container\">\n\t\t\t\t\t\t\t<div class=\"elementor-spacer\">\n\t\t\t<div class=\"elementor-spacer-inner\"><\/div>\n\t\t<\/div>\n\t\t\t\t\t\t<\/div>\n\t\t\t\t<\/div>\n\t\t\t\t\t<\/div>\n\t\t\t\t<\/div>\n\t\t\t\t<\/div>\n\t\t","protected":false},"excerpt":{"rendered":"<p>Viu Castelldefels Castelldefels \u00e9s mar, naturalesa i qualitat de vida. Una ciutat oberta a la Mediterr\u00e0nia, coneguda per la seva extensa platja, l&#8217;entorn natural i l&#8217;estil de vida actiu i relaxat. A pocs minuts de Barcelona combina tranquil\u00b7litat, esport i lleure durant tot l&#8217;any. Una destinaci\u00f3 perfecta per gaudir a l&#8217;aire lliure, descobrir-ne el patrimoni [&hellip;]<\/p>\n","protected":false},"author":6,"featured_media":0,"parent":0,"menu_order":0,"comment_status":"closed","ping_status":"closed","template":"","meta":{"footnotes":""},"class_list":["post-87832","page","type-page","status-publish","hentry"],"yoast_head":"<!-- This site is optimized with the Yoast SEO plugin v25.4 - https:\/\/yoast.com\/wordpress\/plugins\/seo\/ -->\n<title>Qu\u00e8 veure a Castelldefels | Centro Comercial \u00c0necblau<\/title>\n<meta name=\"description\" content=\"Viu Castelldefels Castelldefels \u00e9s mar, naturalesa i qualitat de vida. Una ciutat oberta a la Mediterr\u00e0nia, coneguda per la seva extensa platja, l&#039;entorn\" \/>\n<meta name=\"robots\" content=\"index, follow, max-snippet:-1, max-image-preview:large, max-video-preview:-1\" \/>\n<link rel=\"canonical\" href=\"https:\/\/www.anecblau.com\/ca\/que-veure-a-castelldefels\/\" \/>\n<meta property=\"og:locale\" content=\"ca_ES\" \/>\n<meta property=\"og:type\" content=\"article\" \/>\n<meta property=\"og:title\" content=\"Qu\u00e8 veure a Castelldefels | Centro Comercial \u00c0necblau\" \/>\n<meta property=\"og:description\" content=\"Viu Castelldefels Castelldefels \u00e9s mar, naturalesa i qualitat de vida. Una ciutat oberta a la Mediterr\u00e0nia, coneguda per la seva extensa platja, l&#039;entorn\" \/>\n<meta property=\"og:url\" content=\"https:\/\/www.anecblau.com\/ca\/que-veure-a-castelldefels\/\" \/>\n<meta property=\"og:site_name\" content=\"Centro Comercial \u00c0necblau\" \/>\n<meta property=\"article:modified_time\" content=\"2026-04-09T07:52:47+00:00\" \/>\n<meta property=\"og:image\" content=\"https:\/\/www.anecblau.com\/wp-content\/uploads\/2026\/03\/banner_turismo_anecblacu.png\" \/>\n\t<meta property=\"og:image:width\" content=\"1054\" \/>\n\t<meta property=\"og:image:height\" content=\"767\" \/>\n\t<meta property=\"og:image:type\" content=\"image\/png\" \/>\n<meta name=\"twitter:card\" content=\"summary_large_image\" \/>\n<meta name=\"twitter:label1\" content=\"Est. reading time\" \/>\n\t<meta name=\"twitter:data1\" content=\"3 minutes\" \/>\n<!-- \/ Yoast SEO plugin. -->","yoast_head_json":{"title":"Qu\u00e8 veure a Castelldefels | Centro Comercial \u00c0necblau","description":"Viu Castelldefels Castelldefels \u00e9s mar, naturalesa i qualitat de vida. Una ciutat oberta a la Mediterr\u00e0nia, coneguda per la seva extensa platja, l'entorn","robots":{"index":"index","follow":"follow","max-snippet":"max-snippet:-1","max-image-preview":"max-image-preview:large","max-video-preview":"max-video-preview:-1"},"canonical":"https:\/\/www.anecblau.com\/ca\/que-veure-a-castelldefels\/","og_locale":"ca_ES","og_type":"article","og_title":"Qu\u00e8 veure a Castelldefels | Centro Comercial \u00c0necblau","og_description":"Viu Castelldefels Castelldefels \u00e9s mar, naturalesa i qualitat de vida. Una ciutat oberta a la Mediterr\u00e0nia, coneguda per la seva extensa platja, l'entorn","og_url":"https:\/\/www.anecblau.com\/ca\/que-veure-a-castelldefels\/","og_site_name":"Centro Comercial \u00c0necblau","article_modified_time":"2026-04-09T07:52:47+00:00","og_image":[{"width":1054,"height":767,"url":"https:\/\/www.anecblau.com\/wp-content\/uploads\/2026\/03\/banner_turismo_anecblacu.png","type":"image\/png"}],"twitter_card":"summary_large_image","twitter_misc":{"Est. reading time":"3 minutes"},"schema":{"@context":"https:\/\/schema.org","@graph":[{"@type":"WebPage","@id":"https:\/\/www.anecblau.com\/ca\/que-veure-a-castelldefels\/","url":"https:\/\/www.anecblau.com\/ca\/que-veure-a-castelldefels\/","name":"Qu\u00e8 veure a Castelldefels | Centro Comercial \u00c0necblau","isPartOf":{"@id":"https:\/\/www.anecblau.com\/ca\/#website"},"primaryImageOfPage":{"@id":"https:\/\/www.anecblau.com\/ca\/que-veure-a-castelldefels\/#primaryimage"},"image":{"@id":"https:\/\/www.anecblau.com\/ca\/que-veure-a-castelldefels\/#primaryimage"},"thumbnailUrl":"https:\/\/www.anecblau.com\/wp-content\/uploads\/2026\/03\/banner_turismo_anecblacu-1024x745.png","datePublished":"2026-03-13T13:14:35+00:00","dateModified":"2026-04-09T07:52:47+00:00","description":"Viu Castelldefels Castelldefels \u00e9s mar, naturalesa i qualitat de vida. Una ciutat oberta a la Mediterr\u00e0nia, coneguda per la seva extensa platja, l'entorn","breadcrumb":{"@id":"https:\/\/www.anecblau.com\/ca\/que-veure-a-castelldefels\/#breadcrumb"},"inLanguage":"ca-ES","potentialAction":[{"@type":"ReadAction","target":["https:\/\/www.anecblau.com\/ca\/que-veure-a-castelldefels\/"]}]},{"@type":"ImageObject","inLanguage":"ca-ES","@id":"https:\/\/www.anecblau.com\/ca\/que-veure-a-castelldefels\/#primaryimage","url":"https:\/\/www.anecblau.com\/wp-content\/uploads\/2026\/03\/banner_turismo_anecblacu-1024x745.png","contentUrl":"https:\/\/www.anecblau.com\/wp-content\/uploads\/2026\/03\/banner_turismo_anecblacu-1024x745.png"},{"@type":"BreadcrumbList","@id":"https:\/\/www.anecblau.com\/ca\/que-veure-a-castelldefels\/#breadcrumb","itemListElement":[{"@type":"ListItem","position":1,"name":"Portada","item":"https:\/\/www.anecblau.com\/ca\/"},{"@type":"ListItem","position":2,"name":"Qu\u00e8 veure a Castelldefels"}]},{"@type":"WebSite","@id":"https:\/\/www.anecblau.com\/ca\/#website","url":"https:\/\/www.anecblau.com\/ca\/","name":"Centro Comercial \u00c0necblau","description":"Centro Comercial | \u00c0necblau","publisher":{"@id":"https:\/\/www.anecblau.com\/ca\/#organization"},"potentialAction":[{"@type":"SearchAction","target":{"@type":"EntryPoint","urlTemplate":"https:\/\/www.anecblau.com\/ca\/?s={search_term_string}"},"query-input":{"@type":"PropertyValueSpecification","valueRequired":true,"valueName":"search_term_string"}}],"inLanguage":"ca-ES"},{"@type":"Organization","@id":"https:\/\/www.anecblau.com\/ca\/#organization","name":"Anecblau","alternateName":"Centro Comercial | \u00c0necblau","url":"https:\/\/www.anecblau.com\/ca\/","logo":{"@type":"ImageObject","inLanguage":"ca-ES","@id":"https:\/\/www.anecblau.com\/ca\/#\/schema\/logo\/image\/","url":"https:\/\/www.anecblau.com\/wp-content\/uploads\/2021\/04\/anecblau-logo-diciembrecolor.svg","contentUrl":"https:\/\/www.anecblau.com\/wp-content\/uploads\/2021\/04\/anecblau-logo-diciembrecolor.svg","width":1,"height":1,"caption":"Anecblau"},"image":{"@id":"https:\/\/www.anecblau.com\/ca\/#\/schema\/logo\/image\/"}}]}},"publishpress_future_action":{"enabled":false,"date":"2026-05-05 18:55:16","action":"change-status","newStatus":"draft","terms":[],"taxonomy":"translation_priority"},"publishpress_future_workflow_manual_trigger":{"enabledWorkflows":[]},"_links":{"self":[{"href":"https:\/\/www.anecblau.com\/ca\/wp-json\/wp\/v2\/pages\/87832","targetHints":{"allow":["GET"]}}],"collection":[{"href":"https:\/\/www.anecblau.com\/ca\/wp-json\/wp\/v2\/pages"}],"about":[{"href":"https:\/\/www.anecblau.com\/ca\/wp-json\/wp\/v2\/types\/page"}],"author":[{"embeddable":true,"href":"https:\/\/www.anecblau.com\/ca\/wp-json\/wp\/v2\/users\/6"}],"replies":[{"embeddable":true,"href":"https:\/\/www.anecblau.com\/ca\/wp-json\/wp\/v2\/comments?post=87832"}],"version-history":[{"count":7,"href":"https:\/\/www.anecblau.com\/ca\/wp-json\/wp\/v2\/pages\/87832\/revisions"}],"predecessor-version":[{"id":88088,"href":"https:\/\/www.anecblau.com\/ca\/wp-json\/wp\/v2\/pages\/87832\/revisions\/88088"}],"wp:attachment":[{"href":"https:\/\/www.anecblau.com\/ca\/wp-json\/wp\/v2\/media?parent=87832"}],"curies":[{"name":"wp","href":"https:\/\/api.w.org\/{rel}","templated":true}]}}